{"id":154,"date":"2013-10-31T09:43:55","date_gmt":"2013-10-31T08:43:55","guid":{"rendered":"http:\/\/www.adamsberg.com\/?page_id=154"},"modified":"2020-10-22T12:25:40","modified_gmt":"2020-10-22T11:25:40","slug":"julbuffeer-adventstarta-juldesserter-julkakor","status":"publish","type":"page","link":"https:\/\/www.adamsberg.com\/?page_id=154","title":{"rendered":"Julbuff\u00e9er &#038; bakverk"},"content":{"rendered":"<p>Julkakor \u00e1 200 gr:<br \/>\nFinska pinnar, Mandelskorpor, Havrekakor, Bondkakor,\u00a0Chokladkakor \u00a0 \u00a0 \u00a0 \u00a0 \u00a0 \u00a0 40\u00a0kr<\/p>\n<p><a href=\"http:\/\/www.adamsberg.com\/wp-content\/uploads\/2013\/10\/julbord.jpg\"><img loading=\"lazy\" decoding=\"async\" class=\"size-medium wp-image-237 aligncenter\" src=\"http:\/\/www.adamsberg.com\/wp-content\/uploads\/2013\/10\/julbord-300x200.jpg\" alt=\"julbord\" width=\"300\" height=\"200\" srcset=\"https:\/\/www.adamsberg.com\/wp-content\/uploads\/2013\/10\/julbord-300x200.jpg 300w, https:\/\/www.adamsberg.com\/wp-content\/uploads\/2013\/10\/julbord.jpg 510w\" sizes=\"auto, (max-width: 300px) 100vw, 300px\" \/><\/a><\/p>\n<div align=\"center\">\n<hr width=\"120\" \/>\n<h3>Adventsbuff\u00e9<em><br \/>\n<\/em><\/h3>\n<p align=\"center\">Inlagd sill, Senapsill<br \/>\nKokt potatis<br \/>\nDekorerade \u00e4gghalvor<br \/>\nGravad lax &amp; senapss\u00e5s<br \/>\nKallskuret k\u00f6tt &amp; r\u00f6ktkorv<br \/>\nR\u00f6dbetssallad<br \/>\nJulskinka &amp; Julsenap<br \/>\nOst och sm\u00f6r<br \/>\nMjukt julbr\u00f6d &amp; h\u00e4llbr\u00f6d<\/p>\n<p>Pris: 225 kr\/person<\/p>\n<hr width=\"120\" \/>\n<h3>Lilla Julbuff\u00e9n<\/h3>\n<p align=\"center\">Inlagd sill, Senapsill<br \/>\nKokt potatis<br \/>\nDekorerade \u00e4gghalvor<br \/>\nR\u00f6dbetssallad<br \/>\nJulskinka &amp; Julsenap<br \/>\nJanssons Frestelse<br \/>\nK\u00f6ttbullar, Prinskorv<br \/>\nOst och sm\u00f6r<br \/>\nMjukt julbr\u00f6d &amp; h\u00e4llbr\u00f6d<\/p>\n<p>Pris: 250 kr\/person<\/p>\n<hr width=\"120\" \/>\n<h3>Julbuff\u00e9<\/h3>\n<p align=\"center\">Inlagd sill, Senapsill<br \/>\nKokt potatis<br \/>\nDekorerade \u00e4gghalvor<br \/>\nGravad lax &amp; senapss\u00e5s<br \/>\nKallskuret k\u00f6tt &amp; Julkorv<br \/>\nR\u00f6dbetssallad<br \/>\nJulskinka &amp; Julsenap<br \/>\nJanssons Frestelse<br \/>\nK\u00f6ttbullar, Prinskorv<br \/>\nOst\u00a0och sm\u00f6r<br \/>\nMjukt julbr\u00f6d, kex\u00a0&amp; h\u00e4llbr\u00f6d<\/p>\n<p>Pris: 270 kr\/person<\/p>\n<hr width=\"120\" \/>\n<h3>Gr\u00f6na Julbuff\u00e9n<\/h3>\n<p align=\"center\">Inlagd sill, Currysill med dill<br \/>\nKokt potatis<br \/>\nDekorerade \u00e4gghalvor<br \/>\nJanssons Frestelse<br \/>\nVarmr\u00f6kt lax &amp; roms\u00e5s<br \/>\nJulskinka &amp; Julsenap<br \/>\nR\u00f6dbetssallad<br \/>\nMixad gr\u00f6nsallad &amp; gr\u00f6n \u00f6rts\u00e5s<br \/>\nBroccoligrat\u00e4ng med \u00e4delost<br \/>\nBrieost, ost, \u00e4delost och sm\u00f6r<br \/>\nMjukt julbr\u00f6d, kex\u00a0&amp; h\u00e4llbr\u00f6d<br \/>\nFruktfat<\/p>\n<p>Pris: 270 kr\/person<\/p>\n<hr width=\"120\" \/>\n<h3>Stora Julbuff\u00e9n<\/h3>\n<p align=\"center\">Inlagd sill, Senapsill, Currysill<br \/>\nKokt potatis<br \/>\nDekorerade \u00e4gg<br \/>\nGravad lax &amp; senapss\u00e5s<br \/>\nVarmr\u00f6kt lax &amp; roms\u00e5s<br \/>\nKallskuret k\u00f6tt &amp; R\u00f6kt\u00a0korv<br \/>\nR\u00f6kt lammfiol<br \/>\nR\u00f6dbetssallad<br \/>\nJulskinka &amp; Julsenap<br \/>\nJanssons Frestelse<br \/>\nK\u00f6ttbullar, Prinskorv<br \/>\nRevbensspj\u00e4ll<br \/>\nBrieost, ost, \u00e4delost och sm\u00f6r<br \/>\nMjukt julbr\u00f6d, kex &amp; h\u00e4llbr\u00f6d<br \/>\nFruktfat<\/p>\n<p>Pris: 325 kr\/person<\/p>\n<p><em>Moms ing\u00e5r i alla priser. Samtliga priser \u00e4r per person om ej annat anges.<\/em><\/p>\n<\/div>\n","protected":false},"excerpt":{"rendered":"<p>Julkakor \u00e1 200 gr: Finska pinnar, Mandelskorpor, Havrekakor, Bondkakor,\u00a0Chokladkakor \u00a0 \u00a0 \u00a0 \u00a0 \u00a0 \u00a0 40\u00a0kr Adventsbuff\u00e9 Inlagd sill, Senapsill Kokt potatis Dekorerade \u00e4gghalvor Gravad lax &amp; senapss\u00e5s Kallskuret k\u00f6tt &amp; r\u00f6ktkorv R\u00f6dbetssallad Julskinka &amp; Julsenap Ost och sm\u00f6r Mjukt &hellip; <a href=\"https:\/\/www.adamsberg.com\/?page_id=154\">Forts\u00e4tt l\u00e4sa <span class=\"meta-nav\">&rarr;<\/span><\/a><\/p>\n","protected":false},"author":1,"featured_media":0,"parent":0,"menu_order":0,"comment_status":"closed","ping_status":"closed","template":"","meta":{"footnotes":""},"class_list":["post-154","page","type-page","status-publish","hentry"],"_links":{"self":[{"href":"https:\/\/www.adamsberg.com\/index.php?rest_route=\/wp\/v2\/pages\/154","targetHints":{"allow":["GET"]}}],"collection":[{"href":"https:\/\/www.adamsberg.com\/index.php?rest_route=\/wp\/v2\/pages"}],"about":[{"href":"https:\/\/www.adamsberg.com\/index.php?rest_route=\/wp\/v2\/types\/page"}],"author":[{"embeddable":true,"href":"https:\/\/www.adamsberg.com\/index.php?rest_route=\/wp\/v2\/users\/1"}],"replies":[{"embeddable":true,"href":"https:\/\/www.adamsberg.com\/index.php?rest_route=%2Fwp%2Fv2%2Fcomments&post=154"}],"version-history":[{"count":7,"href":"https:\/\/www.adamsberg.com\/index.php?rest_route=\/wp\/v2\/pages\/154\/revisions"}],"predecessor-version":[{"id":271,"href":"https:\/\/www.adamsberg.com\/index.php?rest_route=\/wp\/v2\/pages\/154\/revisions\/271"}],"wp:attachment":[{"href":"https:\/\/www.adamsberg.com\/index.php?rest_route=%2Fwp%2Fv2%2Fmedia&parent=154"}],"curies":[{"name":"wp","href":"https:\/\/api.w.org\/{rel}","templated":true}]}}